{"id":1479,"date":"2022-04-30T13:45:46","date_gmt":"2022-04-30T11:45:46","guid":{"rendered":"https:\/\/bufak.uni-goettingen.de\/?page_id=1479"},"modified":"2022-09-09T15:41:22","modified_gmt":"2022-09-09T13:41:22","slug":"ws-do","status":"publish","type":"page","link":"https:\/\/bufak.uni-goettingen.de\/index.php\/ws-do\/","title":{"rendered":"Workshops, Input (WS1) und Barcamps"},"content":{"rendered":"\n<p class=\"has-h-4-font-size\"><strong>Workshops<\/strong><\/p>\n\n\n\n<p>Donnerstag 16:00 &#8211; 18:00 Uhr<\/p>\n\n\n\n<figure class=\"wp-block-table is-style-tw-border-h\"><table><thead><tr><th>Niveau<\/th><th>Workshopname<\/th><th>Referent:in<\/th><th>Protokoll<\/th><\/tr><\/thead><tbody><tr><td>F<\/td><td>Alumniarbeit und Netzwerken<\/td><td>Lukas Hartenfels<\/td><td><a href=\"https:\/\/bufak.uni-goettingen.de\/index.php\/2022\/05\/06\/alumniarbeit-und-netzwerken\/\" data-type=\"post\" data-id=\"1607\">Alumniarbeit und Netzwerken<\/a><\/td><\/tr><tr><td>B<\/td><td>Einblicke in das Recruiting bei Ottobock<\/td><td>Julia Tschmarke<\/td><td><a href=\"https:\/\/bufak.uni-goettingen.de\/index.php\/2022\/05\/06\/einblicke-in-das-recruiting-bei-ottobock\/\" data-type=\"post\" data-id=\"1599\">Einblicke in das Recruiting bei Ottobock<\/a><\/td><\/tr><tr><td>B<\/td><td>Einsteigerworkshop<\/td><td>Anne Gras<\/td><td><a href=\"https:\/\/bufak.uni-goettingen.de\/index.php\/2022\/05\/06\/einsteigerworkshop\/\" data-type=\"post\" data-id=\"1603\">Einsteigerworkshop<\/a><\/td><\/tr><tr><td>B<\/td><td>F\u00fchrungskompetenzen<\/td><td>Dr. Peter Demes<\/td><td><a href=\"https:\/\/bufak.uni-goettingen.de\/index.php\/2022\/09\/09\/fuehrungskompetenzen\/\" data-type=\"post\" data-id=\"1859\">F\u00fchrungskompetenzen<\/a><\/td><\/tr><tr><td>B-F<\/td><td>Gleichstellung &#8211; Wieso, Weshalb und Wie?<\/td><td>Dorothee Konings,<br>Adriana Niechoy<\/td><td><a href=\"https:\/\/bufak.uni-goettingen.de\/index.php\/2022\/05\/06\/gleichstellung-wieso-weshalb-und-wie\/\" data-type=\"post\" data-id=\"1611\">Gleichstellung \u2013 Wieso, weshalb und wie?<\/a><\/td><\/tr><tr><td>F<\/td><td>Hochschulpolitisches Engagement im Studentenwerk<\/td><td>Leah Olbricht<\/td><td><a href=\"https:\/\/bufak.uni-goettingen.de\/index.php\/2022\/05\/06\/hochschulpolitisches-engagement-im-studentenwerk\/\" data-type=\"post\" data-id=\"1595\">Hochschulpolitisches Engagement im Studentenwerk<\/a><\/td><\/tr><tr><td>B<\/td><td>How to Workshop<\/td><td>Elisa L\u00f6we<\/td><td><a href=\"https:\/\/bufak.uni-goettingen.de\/index.php\/2022\/05\/06\/how-to-workshop\/\" data-type=\"post\" data-id=\"1591\">How to Workshop<\/a><\/td><\/tr><tr><td>B<\/td><td>Justus &#8211; Wir organisieren ein BuFaK-Festival!<\/td><td>Henrik Sykora,<br>Carolin Schmuck,<br>Julia Hoffmann,<br>Fynn Hug<\/td><td><a href=\"https:\/\/bufak.uni-goettingen.de\/index.php\/2022\/05\/06\/justus-wir-organisieren-ein-bufak-festival\/\" data-type=\"post\" data-id=\"1631\">Justus \u2013 Wir organisieren ein BuFaK-Festival!<\/a><\/td><\/tr><tr><td>B-F<\/td><td>Kein Raum f\u00fcr sexuelle Bel\u00e4stigung an der Uni &#8211; Pr\u00e4vention und Opferschutz<\/td><td>Lena Weilbacher<\/td><td>Ausgefallen<\/td><\/tr><tr><td>B<\/td><td>Mental Awareness &#8211; Zeiten vor, w\u00e4hrend und nach Covid<\/td><td>Nico Pruss<\/td><td><a href=\"https:\/\/bufak.uni-goettingen.de\/index.php\/2022\/05\/06\/mental-awareness-zeiten-vor-waehrend-und-nach-covid\/\" data-type=\"post\" data-id=\"1627\">Mental Awareness \u2013 Zeiten vor, w\u00e4hrend und nach Covid<\/a><\/td><\/tr><tr><td>F<\/td><td>Workshop zur Pr\u00fcfungsorganisation<\/td><td>Daniel Schiller<\/td><td><a href=\"https:\/\/bufak.uni-goettingen.de\/index.php\/2022\/05\/06\/workshop-zur-pruefungsorganisation\/\" data-type=\"post\" data-id=\"1615\">Workshop zur Pr\u00fcfungsorganisation<\/a><\/td><\/tr><tr><td>B<\/td><td>Teambuilding in der Fachschaft<\/td><td>Lisa Plewa,<br>Stephan Kr\u00fcger<\/td><td><a href=\"https:\/\/bufak.uni-goettingen.de\/index.php\/2022\/05\/06\/teambuilding-in-der-fachschaft\/\" data-type=\"post\" data-id=\"1623\">Teambuilding in der Fachschaft<\/a><\/td><\/tr><tr><td>B-F<\/td><td>TVStud &#8211; Get organized to strike<\/td><td>Pascal Heister\u00fcber<\/td><td>Ausgefallen<\/td><\/tr><tr><td>B<\/td><td>\u00dcber&#8217;s Reden reden: Rhetorik 101<\/td><td>Anselm Naake<\/td><td><a href=\"https:\/\/bufak.uni-goettingen.de\/index.php\/2022\/05\/06\/uebers-reden-reden-rhetorik-101\/\" data-type=\"post\" data-id=\"1619\">\u00dcber\u2019s Reden reden: Rhetorik 101<\/a><\/td><\/tr><\/tbody><\/table><figcaption>B: Basic<br>F: Fortgeschritten<\/figcaption><\/figure>\n\n\n\n<h4 class=\"wp-block-heading\">Barcamps<\/h4>\n\n\n\n<p>Open Barcamps: Donnerstag 19:00 &#8211; 20:00 Uhr<\/p>\n\n\n\n<figure class=\"wp-block-table\"><table class=\"has-fixed-layout\"><thead><tr><th>Titel<\/th><th>Protokoll<\/th><\/tr><\/thead><tbody><tr><td>Justus &#8211; Festival<\/td><td><a href=\"https:\/\/bufak.uni-goettingen.de\/index.php\/2022\/09\/09\/barcamp-justus-festival-goefak-22\/\" data-type=\"post\" data-id=\"1867\">Barcamp Justus- Festival G\u00f6FaK 22<\/a><\/td><\/tr><tr><td>Orientierungswoche und Teamert\u00e4tigkeit<\/td><td><a href=\"https:\/\/bufak.uni-goettingen.de\/index.php\/2022\/09\/09\/orientierungswoche-und-teamertaetigkeit\/\" data-type=\"post\" data-id=\"1875\">Orientierungswoche und Teamert\u00e4tigkeit<\/a><\/td><\/tr><\/tbody><\/table><\/figure>\n\n\n\n<div style=\"height:50px\" aria-hidden=\"true\" class=\"wp-block-spacer\"><\/div>\n","protected":false},"excerpt":{"rendered":"<p>Workshops Donnerstag 16:00 &#8211; 18:00 Uhr Niveau Workshopname Referent:in Protokoll F Alumniarbeit und Netzwerken Lukas Hartenfels Alumniarbeit und Netzwerken B Einblicke in das Recruiting bei Ottobock Julia Tschmarke Einblicke in das Recruiting bei Ottobock B Einsteigerworkshop Anne Gras Einsteigerworkshop B F\u00fchrungskompetenzen Dr. Peter Demes F\u00fchrungskompetenzen B-F Gleichstellung &#8211; Wieso, Weshalb und Wie? Dorothee Konings,Adriana Niechoy&hellip;<\/p>\n","protected":false},"author":1,"featured_media":0,"parent":0,"menu_order":0,"comment_status":"closed","ping_status":"closed","template":"","meta":{"footnotes":""},"class_list":["post-1479","page","type-page","status-publish","hentry"],"_links":{"self":[{"href":"https:\/\/bufak.uni-goettingen.de\/index.php\/wp-json\/wp\/v2\/pages\/1479","targetHints":{"allow":["GET"]}}],"collection":[{"href":"https:\/\/bufak.uni-goettingen.de\/index.php\/wp-json\/wp\/v2\/pages"}],"about":[{"href":"https:\/\/bufak.uni-goettingen.de\/index.php\/wp-json\/wp\/v2\/types\/page"}],"author":[{"embeddable":true,"href":"https:\/\/bufak.uni-goettingen.de\/index.php\/wp-json\/wp\/v2\/users\/1"}],"replies":[{"embeddable":true,"href":"https:\/\/bufak.uni-goettingen.de\/index.php\/wp-json\/wp\/v2\/comments?post=1479"}],"version-history":[{"count":15,"href":"https:\/\/bufak.uni-goettingen.de\/index.php\/wp-json\/wp\/v2\/pages\/1479\/revisions"}],"predecessor-version":[{"id":1915,"href":"https:\/\/bufak.uni-goettingen.de\/index.php\/wp-json\/wp\/v2\/pages\/1479\/revisions\/1915"}],"wp:attachment":[{"href":"https:\/\/bufak.uni-goettingen.de\/index.php\/wp-json\/wp\/v2\/media?parent=1479"}],"curies":[{"name":"wp","href":"https:\/\/api.w.org\/{rel}","templated":true}]}}